{"id":4794,"date":"2019-06-27T06:44:09","date_gmt":"2019-06-27T04:44:09","guid":{"rendered":"https:\/\/oya.cat\/quienes-somos\/"},"modified":"2023-08-02T19:38:12","modified_gmt":"2023-08-02T17:38:12","slug":"quienes-somos","status":"publish","type":"page","link":"https:\/\/oya.cat\/es\/quienes-somos\/","title":{"rendered":"Qui\u00e9nes somos"},"content":{"rendered":"\t\t<div data-elementor-type=\"wp-post\" data-elementor-id=\"4794\" class=\"elementor elementor-4794 elementor-682\">\n\t\t\t\t\t\t<section class=\"elementor-section elementor-top-section elementor-element elementor-element-3396ed6 elementor-section-boxed elementor-section-height-default elementor-section-height-default\" data-id=\"3396ed6\" data-element_type=\"section\" data-e-type=\"section\">\n\t\t\t\t\t\t<div class=\"elementor-container elementor-column-gap-default\">\n\t\t\t\t\t<div class=\"elementor-column elementor-col-100 elementor-top-column elementor-element elementor-element-3e92e2f\" data-id=\"3e92e2f\" data-element_type=\"column\" data-e-type=\"column\">\n\t\t\t<div class=\"elementor-widget-wrap elementor-element-populated\">\n\t\t\t\t\t\t<div class=\"elementor-element elementor-element-f9a303e elementor-widget elementor-widget-spacer\" data-id=\"f9a303e\" data-element_type=\"widget\" data-e-type=\"widget\" data-widget_type=\"spacer.default\">\n\t\t\t\t<div class=\"elementor-widget-container\">\n\t\t\t\t\t\t\t<div class=\"elementor-spacer\">\n\t\t\t<div class=\"elementor-spacer-inner\"><\/div>\n\t\t<\/div>\n\t\t\t\t\t\t<\/div>\n\t\t\t\t<\/div>\n\t\t\t\t\t<\/div>\n\t\t<\/div>\n\t\t\t\t\t<\/div>\n\t\t<\/section>\n\t\t\t\t<section class=\"elementor-section elementor-top-section elementor-element elementor-element-5be44e84 elementor-section-boxed elementor-section-height-default elementor-section-height-default\" data-id=\"5be44e84\" data-element_type=\"section\" data-e-type=\"section\">\n\t\t\t\t\t\t<div class=\"elementor-container elementor-column-gap-default\">\n\t\t\t\t\t<div class=\"elementor-column elementor-col-50 elementor-top-column elementor-element elementor-element-92ad2f\" data-id=\"92ad2f\" data-element_type=\"column\" data-e-type=\"column\">\n\t\t\t<div class=\"elementor-widget-wrap elementor-element-populated\">\n\t\t\t\t\t\t<div class=\"elementor-element elementor-element-3ac466f0 elementor-widget elementor-widget-spacer\" data-id=\"3ac466f0\" data-element_type=\"widget\" data-e-type=\"widget\" data-widget_type=\"spacer.default\">\n\t\t\t\t<div class=\"elementor-widget-container\">\n\t\t\t\t\t\t\t<div class=\"elementor-spacer\">\n\t\t\t<div class=\"elementor-spacer-inner\"><\/div>\n\t\t<\/div>\n\t\t\t\t\t\t<\/div>\n\t\t\t\t<\/div>\n\t\t\t\t<div class=\"elementor-element elementor-element-3e4f6b52 aleft elementor-widget elementor-widget-wgl-double-headings\" data-id=\"3e4f6b52\" data-element_type=\"widget\" data-e-type=\"widget\" data-widget_type=\"wgl-double-headings.default\">\n\t\t\t\t<div class=\"elementor-widget-container\">\n\t\t\t\t\t<div class=\"wgl-double_heading\">                <h3 class=\"dbl-title_wrapper\"><span class=\"dbl-title dbl-title_1\">Qui\u00e9nes somos en <\/span> <span class=\"dbl-title dbl-title_2\">OYA Arquitectura<\/span>                 <\/h3>        <\/div>\t\t\t\t<\/div>\n\t\t\t\t<\/div>\n\t\t\t\t<div class=\"elementor-element elementor-element-5ab72374 elementor-widget elementor-widget-text-editor\" data-id=\"5ab72374\" data-element_type=\"widget\" data-e-type=\"widget\" data-widget_type=\"text-editor.default\">\n\t\t\t\t<div class=\"elementor-widget-container\">\n\t\t\t\t\t\t\t\t\t<p>Carles Bosch y Daniel Oya comparten desde 2014 el estudio OYA Arquietctura , situado en la Avenida Sant Francesc, 3, entresuelo 1\u00aa de Girona, y dirigen el siguiente equipo:<\/p>\n<p><strong>ARQUITECTOS<\/strong><\/p>\n<p>Carles Bosch Genover | Titulado por la ETSAB en 1972.<\/p>\n<p>Daniel Oya Cornejo | Titulado por la ETSA La Salle en 2007 \u00b7 T\u00edtulo arquitecto t\u00e9cnico ETSA La Salle 2011<\/p>\n<p><strong>COLABORADORES FIJOS<\/strong><\/p>\n<p>Mauricio Mamami Arenas | Arquitecto t\u00e9cnico 2016<\/p>\n<p>Patricia Admetlla Nu\u00f1ez | Arquitecta superior 2014<\/p>\n<p>En nuestro trabajo, en OYA Arquitectura apostamos cada vez m\u00e1s por materiales sostenibles y energ\u00edas renovables, porque es absolutamente necesario que todos los \u00e1mbitos de la sociedad apunten hacia un mundo m\u00e1s sostenible, y la arquitectura no es ninguna excepci\u00f3n.<\/p>\n\t\t\t\t\t\t\t\t<\/div>\n\t\t\t\t<\/div>\n\t\t\t\t<div class=\"elementor-element elementor-element-1e6e4f11 elementor-widget elementor-widget-spacer\" data-id=\"1e6e4f11\" data-element_type=\"widget\" data-e-type=\"widget\" data-widget_type=\"spacer.default\">\n\t\t\t\t<div class=\"elementor-widget-container\">\n\t\t\t\t\t\t\t<div class=\"elementor-spacer\">\n\t\t\t<div class=\"elementor-spacer-inner\"><\/div>\n\t\t<\/div>\n\t\t\t\t\t\t<\/div>\n\t\t\t\t<\/div>\n\t\t\t\t\t<\/div>\n\t\t<\/div>\n\t\t\t\t<div class=\"elementor-column elementor-col-50 elementor-top-column elementor-element elementor-element-56783781\" data-id=\"56783781\" data-element_type=\"column\" data-e-type=\"column\">\n\t\t\t<div class=\"elementor-widget-wrap elementor-element-populated\">\n\t\t\t\t\t\t<div class=\"elementor-element elementor-element-5648d089 elementor-widget elementor-widget-wgl-image-layers\" data-id=\"5648d089\" data-element_type=\"widget\" data-e-type=\"widget\" data-widget_type=\"wgl-image-layers.default\">\n\t\t\t\t<div class=\"elementor-widget-container\">\n\t\t\t\t\t<div class=\"wgl-image-layers\"><div class=\"img-layer_image-wrapper slide_left\" style=\"z-index: 1\">\n                <div class=\"img-layer_item\" style=\"transform: translate(0%, 0%);\">\n                    <div class=\"img-layer_image\" style=\"transition: all 800ms; transition-delay: 600ms;\">\n                        <img decoding=\"async\" src=\"https:\/\/oya.cat\/wp-content\/uploads\/2023\/07\/QuiSom2.png\" alt=\"QuiSom2\" \/>\n                    <\/div>\n                <\/div>\n            <\/div> <div class=\"img-layer_image-wrapper zoom_in\" style=\"z-index: 1\">\n                <div class=\"img-layer_item\" style=\"transform: translate(0%, 0%);\">\n                    <div class=\"img-layer_image\" style=\"transition: all 800ms; transition-delay: 1200ms;\">\n                        <img decoding=\"async\" src=\"https:\/\/oya.cat\/wp-content\/uploads\/2023\/07\/QuiSom-1.png\" alt=\"QuiSom\" \/>\n                    <\/div>\n                <\/div>\n            <\/div> <\/div>\t\t\t\t<\/div>\n\t\t\t\t<\/div>\n\t\t\t\t\t<\/div>\n\t\t<\/div>\n\t\t\t\t\t<\/div>\n\t\t<\/section>\n\t\t\t\t<section class=\"elementor-section elementor-top-section elementor-element elementor-element-a59a6d6 elementor-section-boxed elementor-section-height-default elementor-section-height-default\" data-id=\"a59a6d6\" data-element_type=\"section\" data-e-type=\"section\">\n\t\t\t\t\t\t<div class=\"elementor-container elementor-column-gap-default\">\n\t\t\t\t\t<div class=\"elementor-column elementor-col-100 elementor-top-column elementor-element elementor-element-94bb5b7\" data-id=\"94bb5b7\" data-element_type=\"column\" data-e-type=\"column\">\n\t\t\t<div class=\"elementor-widget-wrap elementor-element-populated\">\n\t\t\t\t\t\t<div class=\"elementor-element elementor-element-8b47160 aleft elementor-widget elementor-widget-wgl-double-headings\" data-id=\"8b47160\" data-element_type=\"widget\" data-e-type=\"widget\" data-widget_type=\"wgl-double-headings.default\">\n\t\t\t\t<div class=\"elementor-widget-container\">\n\t\t\t\t\t<div class=\"wgl-double_heading\">                <h3 class=\"dbl-title_wrapper\"><span class=\"dbl-title dbl-title_1\">Nuestro<\/span> <span class=\"dbl-title dbl-title_2\">despacho<\/span>                 <\/h3>        <\/div>\t\t\t\t<\/div>\n\t\t\t\t<\/div>\n\t\t\t\t<div class=\"elementor-element elementor-element-5b37736 elementor-widget elementor-widget-text-editor\" data-id=\"5b37736\" data-element_type=\"widget\" data-e-type=\"widget\" data-widget_type=\"text-editor.default\">\n\t\t\t\t<div class=\"elementor-widget-container\">\n\t\t\t\t\t\t\t\t\t<p>Nuestro despacho est\u00e1 situado en la Avenida Ramon Folch, 13, 4\u00ba, de Girona. Como buen despacho de arquitectura, disfrutamos de toda la luz natural de la que podemos disponer y de espacios amplios y abiertos para favorecer un ambiente de trabajo c\u00f3modo y relajado, tambi\u00e9n aplicable para los clientes que nos visitan a nuestras instalaciones. <\/p>\n\t\t\t\t\t\t\t\t<\/div>\n\t\t\t\t<\/div>\n\t\t\t\t\t<\/div>\n\t\t<\/div>\n\t\t\t\t\t<\/div>\n\t\t<\/section>\n\t\t\t\t<section class=\"elementor-section elementor-top-section elementor-element elementor-element-97b0cfe elementor-section-boxed elementor-section-height-default elementor-section-height-default\" data-id=\"97b0cfe\" data-element_type=\"section\" data-e-type=\"section\">\n\t\t\t\t\t\t<div class=\"elementor-container elementor-column-gap-default\">\n\t\t\t\t\t<div class=\"elementor-column elementor-col-100 elementor-top-column elementor-element elementor-element-9f9cb1a\" data-id=\"9f9cb1a\" data-element_type=\"column\" data-e-type=\"column\">\n\t\t\t<div class=\"elementor-widget-wrap elementor-element-populated\">\n\t\t\t\t\t\t<div class=\"elementor-element elementor-element-609b189 elementor-widget elementor-widget-image-gallery\" data-id=\"609b189\" data-element_type=\"widget\" data-e-type=\"widget\" data-widget_type=\"image-gallery.default\">\n\t\t\t\t<div class=\"elementor-widget-container\">\n\t\t\t\t\t\t\t<div class=\"elementor-image-gallery\">\n\t\t\t\n\t\t<style type=\"text\/css\">\n\t\t\t#gallery-1 {\n\t\t\t\tmargin: auto;\n\t\t\t}\n\t\t\t#gallery-1 .gallery-item {\n\t\t\t\tfloat: left;\n\t\t\t\tmargin-top: 10px;\n\t\t\t\ttext-align: center;\n\t\t\t\twidth: 25%;\n\t\t\t}\n\t\t\t#gallery-1 img {\n\t\t\t\tborder: 2px solid #cfcfcf;\n\t\t\t}\n\t\t\t#gallery-1 .gallery-caption {\n\t\t\t\tmargin-left: 0;\n\t\t\t}\n\t\t\t\/* see gallery_shortcode() in wp-includes\/media.php *\/\n\t\t<\/style>\n\t\t<div id='gallery-1' class='gallery galleryid-4794 gallery-columns-4 gallery-size-medium_large'><dl class='gallery-item'>\n\t\t\t<dt class='gallery-icon landscape'>\n\t\t\t\t<a data-elementor-open-lightbox=\"no\" href='https:\/\/oya.cat\/wp-content\/uploads\/2023\/07\/Despatx1.jpg'><img fetchpriority=\"high\" decoding=\"async\" width=\"768\" height=\"512\" src=\"https:\/\/oya.cat\/wp-content\/uploads\/2023\/07\/Despatx1-768x512.jpg\" class=\"attachment-medium_large size-medium_large\" alt=\"\" srcset=\"https:\/\/oya.cat\/wp-content\/uploads\/2023\/07\/Despatx1-768x512.jpg 768w, https:\/\/oya.cat\/wp-content\/uploads\/2023\/07\/Despatx1-300x200.jpg 300w, https:\/\/oya.cat\/wp-content\/uploads\/2023\/07\/Despatx1.jpg 900w\" sizes=\"(max-width: 768px) 100vw, 768px\" \/><\/a>\n\t\t\t<\/dt><\/dl><dl class='gallery-item'>\n\t\t\t<dt class='gallery-icon landscape'>\n\t\t\t\t<a data-elementor-open-lightbox=\"no\" href='https:\/\/oya.cat\/wp-content\/uploads\/2023\/07\/Despatx4.jpg'><img decoding=\"async\" width=\"768\" height=\"512\" src=\"https:\/\/oya.cat\/wp-content\/uploads\/2023\/07\/Despatx4-768x512.jpg\" class=\"attachment-medium_large size-medium_large\" alt=\"\" srcset=\"https:\/\/oya.cat\/wp-content\/uploads\/2023\/07\/Despatx4-768x512.jpg 768w, https:\/\/oya.cat\/wp-content\/uploads\/2023\/07\/Despatx4-300x200.jpg 300w, https:\/\/oya.cat\/wp-content\/uploads\/2023\/07\/Despatx4.jpg 900w\" sizes=\"(max-width: 768px) 100vw, 768px\" \/><\/a>\n\t\t\t<\/dt><\/dl><dl class='gallery-item'>\n\t\t\t<dt class='gallery-icon landscape'>\n\t\t\t\t<a data-elementor-open-lightbox=\"no\" href='https:\/\/oya.cat\/wp-content\/uploads\/2023\/07\/Despatx2.jpg'><img decoding=\"async\" width=\"768\" height=\"512\" src=\"https:\/\/oya.cat\/wp-content\/uploads\/2023\/07\/Despatx2-768x512.jpg\" class=\"attachment-medium_large size-medium_large\" alt=\"\" srcset=\"https:\/\/oya.cat\/wp-content\/uploads\/2023\/07\/Despatx2-768x512.jpg 768w, https:\/\/oya.cat\/wp-content\/uploads\/2023\/07\/Despatx2-300x200.jpg 300w, https:\/\/oya.cat\/wp-content\/uploads\/2023\/07\/Despatx2.jpg 900w\" sizes=\"(max-width: 768px) 100vw, 768px\" \/><\/a>\n\t\t\t<\/dt><\/dl><dl class='gallery-item'>\n\t\t\t<dt class='gallery-icon landscape'>\n\t\t\t\t<a data-elementor-open-lightbox=\"no\" href='https:\/\/oya.cat\/wp-content\/uploads\/2023\/07\/Despatx5.jpg'><img loading=\"lazy\" decoding=\"async\" width=\"768\" height=\"512\" src=\"https:\/\/oya.cat\/wp-content\/uploads\/2023\/07\/Despatx5-768x512.jpg\" class=\"attachment-medium_large size-medium_large\" alt=\"\" srcset=\"https:\/\/oya.cat\/wp-content\/uploads\/2023\/07\/Despatx5-768x512.jpg 768w, https:\/\/oya.cat\/wp-content\/uploads\/2023\/07\/Despatx5-300x200.jpg 300w, https:\/\/oya.cat\/wp-content\/uploads\/2023\/07\/Despatx5.jpg 900w\" sizes=\"(max-width: 768px) 100vw, 768px\" \/><\/a>\n\t\t\t<\/dt><\/dl><br style=\"clear: both\" \/>\n\t\t<\/div>\n\t\t<\/div>\n\t\t\t\t\t\t<\/div>\n\t\t\t\t<\/div>\n\t\t\t\t\t<\/div>\n\t\t<\/div>\n\t\t\t\t\t<\/div>\n\t\t<\/section>\n\t\t\t\t<\/div>\n\t\t","protected":false},"excerpt":{"rendered":"<p>Qui\u00e9nes somos en OYA Arquitectura Carles Bosch y Daniel Oya comparten desde 2014 el estudio OYA Arquietctura , situado en la Avenida Sant Francesc, 3, entresuelo 1\u00aa de Girona, y dirigen el siguiente equipo: ARQUITECTOS Carles Bosch Genover | Titulado por la ETSAB en 1972. Daniel Oya Cornejo | Titulado por la ETSA La Salle [&hellip;]<\/p>\n","protected":false},"author":1,"featured_media":0,"parent":0,"menu_order":0,"comment_status":"closed","ping_status":"closed","template":"","meta":{"footnotes":""},"class_list":["post-4794","page","type-page","status-publish","hentry"],"yoast_head":"<!-- This site is optimized with the Yoast SEO plugin v27.4 - https:\/\/yoast.com\/product\/yoast-seo-wordpress\/ -->\n<title>Qui\u00e9nes somos - OYA ARQUITECTURA<\/title>\n<meta name=\"robots\" content=\"index, follow, max-snippet:-1, max-image-preview:large, max-video-preview:-1\" \/>\n<link rel=\"canonical\" href=\"https:\/\/oya.cat\/es\/quienes-somos\/\" \/>\n<meta property=\"og:locale\" content=\"es_ES\" \/>\n<meta property=\"og:type\" content=\"article\" \/>\n<meta property=\"og:title\" content=\"Qui\u00e9nes somos - OYA ARQUITECTURA\" \/>\n<meta property=\"og:description\" content=\"Qui\u00e9nes somos en OYA Arquitectura Carles Bosch y Daniel Oya comparten desde 2014 el estudio OYA Arquietctura , situado en la Avenida Sant Francesc, 3, entresuelo 1\u00aa de Girona, y dirigen el siguiente equipo: ARQUITECTOS Carles Bosch Genover | Titulado por la ETSAB en 1972. Daniel Oya Cornejo | Titulado por la ETSA La Salle [&hellip;]\" \/>\n<meta property=\"og:url\" content=\"https:\/\/oya.cat\/es\/quienes-somos\/\" \/>\n<meta property=\"og:site_name\" content=\"OYA ARQUITECTURA\" \/>\n<meta property=\"article:modified_time\" content=\"2023-08-02T17:38:12+00:00\" \/>\n<meta property=\"og:image\" content=\"https:\/\/oya.cat\/wp-content\/uploads\/2023\/07\/QuiSom2.png\" \/>\n<meta name=\"twitter:card\" content=\"summary_large_image\" \/>\n<meta name=\"twitter:label1\" content=\"Tiempo de lectura\" \/>\n\t<meta name=\"twitter:data1\" content=\"1 minuto\" \/>\n<script type=\"application\/ld+json\" class=\"yoast-schema-graph\">{\"@context\":\"https:\\\/\\\/schema.org\",\"@graph\":[{\"@type\":\"WebPage\",\"@id\":\"https:\\\/\\\/oya.cat\\\/es\\\/quienes-somos\\\/\",\"url\":\"https:\\\/\\\/oya.cat\\\/es\\\/quienes-somos\\\/\",\"name\":\"Qui\u00e9nes somos - OYA ARQUITECTURA\",\"isPartOf\":{\"@id\":\"https:\\\/\\\/oya.cat\\\/#website\"},\"primaryImageOfPage\":{\"@id\":\"https:\\\/\\\/oya.cat\\\/es\\\/quienes-somos\\\/#primaryimage\"},\"image\":{\"@id\":\"https:\\\/\\\/oya.cat\\\/es\\\/quienes-somos\\\/#primaryimage\"},\"thumbnailUrl\":\"https:\\\/\\\/oya.cat\\\/wp-content\\\/uploads\\\/2023\\\/07\\\/QuiSom2.png\",\"datePublished\":\"2019-06-27T04:44:09+00:00\",\"dateModified\":\"2023-08-02T17:38:12+00:00\",\"breadcrumb\":{\"@id\":\"https:\\\/\\\/oya.cat\\\/es\\\/quienes-somos\\\/#breadcrumb\"},\"inLanguage\":\"es\",\"potentialAction\":[{\"@type\":\"ReadAction\",\"target\":[\"https:\\\/\\\/oya.cat\\\/es\\\/quienes-somos\\\/\"]}]},{\"@type\":\"ImageObject\",\"inLanguage\":\"es\",\"@id\":\"https:\\\/\\\/oya.cat\\\/es\\\/quienes-somos\\\/#primaryimage\",\"url\":\"https:\\\/\\\/oya.cat\\\/wp-content\\\/uploads\\\/2023\\\/07\\\/QuiSom2.png\",\"contentUrl\":\"https:\\\/\\\/oya.cat\\\/wp-content\\\/uploads\\\/2023\\\/07\\\/QuiSom2.png\"},{\"@type\":\"BreadcrumbList\",\"@id\":\"https:\\\/\\\/oya.cat\\\/es\\\/quienes-somos\\\/#breadcrumb\",\"itemListElement\":[{\"@type\":\"ListItem\",\"position\":1,\"name\":\"Inici\",\"item\":\"https:\\\/\\\/oya.cat\\\/es\\\/inicio\\\/\"},{\"@type\":\"ListItem\",\"position\":2,\"name\":\"Qui\u00e9nes somos\"}]},{\"@type\":\"WebSite\",\"@id\":\"https:\\\/\\\/oya.cat\\\/#website\",\"url\":\"https:\\\/\\\/oya.cat\\\/\",\"name\":\"OYA ARQUITECTURA\",\"description\":\"Oya Equip d&#039;Arquitectura\",\"potentialAction\":[{\"@type\":\"SearchAction\",\"target\":{\"@type\":\"EntryPoint\",\"urlTemplate\":\"https:\\\/\\\/oya.cat\\\/?s={search_term_string}\"},\"query-input\":{\"@type\":\"PropertyValueSpecification\",\"valueRequired\":true,\"valueName\":\"search_term_string\"}}],\"inLanguage\":\"es\"}]}<\/script>\n<!-- \/ Yoast SEO plugin. -->","yoast_head_json":{"title":"Qui\u00e9nes somos - OYA ARQUITECTURA","robots":{"index":"index","follow":"follow","max-snippet":"max-snippet:-1","max-image-preview":"max-image-preview:large","max-video-preview":"max-video-preview:-1"},"canonical":"https:\/\/oya.cat\/es\/quienes-somos\/","og_locale":"es_ES","og_type":"article","og_title":"Qui\u00e9nes somos - OYA ARQUITECTURA","og_description":"Qui\u00e9nes somos en OYA Arquitectura Carles Bosch y Daniel Oya comparten desde 2014 el estudio OYA Arquietctura , situado en la Avenida Sant Francesc, 3, entresuelo 1\u00aa de Girona, y dirigen el siguiente equipo: ARQUITECTOS Carles Bosch Genover | Titulado por la ETSAB en 1972. Daniel Oya Cornejo | Titulado por la ETSA La Salle [&hellip;]","og_url":"https:\/\/oya.cat\/es\/quienes-somos\/","og_site_name":"OYA ARQUITECTURA","article_modified_time":"2023-08-02T17:38:12+00:00","og_image":[{"url":"https:\/\/oya.cat\/wp-content\/uploads\/2023\/07\/QuiSom2.png","type":"","width":"","height":""}],"twitter_card":"summary_large_image","twitter_misc":{"Tiempo de lectura":"1 minuto"},"schema":{"@context":"https:\/\/schema.org","@graph":[{"@type":"WebPage","@id":"https:\/\/oya.cat\/es\/quienes-somos\/","url":"https:\/\/oya.cat\/es\/quienes-somos\/","name":"Qui\u00e9nes somos - OYA ARQUITECTURA","isPartOf":{"@id":"https:\/\/oya.cat\/#website"},"primaryImageOfPage":{"@id":"https:\/\/oya.cat\/es\/quienes-somos\/#primaryimage"},"image":{"@id":"https:\/\/oya.cat\/es\/quienes-somos\/#primaryimage"},"thumbnailUrl":"https:\/\/oya.cat\/wp-content\/uploads\/2023\/07\/QuiSom2.png","datePublished":"2019-06-27T04:44:09+00:00","dateModified":"2023-08-02T17:38:12+00:00","breadcrumb":{"@id":"https:\/\/oya.cat\/es\/quienes-somos\/#breadcrumb"},"inLanguage":"es","potentialAction":[{"@type":"ReadAction","target":["https:\/\/oya.cat\/es\/quienes-somos\/"]}]},{"@type":"ImageObject","inLanguage":"es","@id":"https:\/\/oya.cat\/es\/quienes-somos\/#primaryimage","url":"https:\/\/oya.cat\/wp-content\/uploads\/2023\/07\/QuiSom2.png","contentUrl":"https:\/\/oya.cat\/wp-content\/uploads\/2023\/07\/QuiSom2.png"},{"@type":"BreadcrumbList","@id":"https:\/\/oya.cat\/es\/quienes-somos\/#breadcrumb","itemListElement":[{"@type":"ListItem","position":1,"name":"Inici","item":"https:\/\/oya.cat\/es\/inicio\/"},{"@type":"ListItem","position":2,"name":"Qui\u00e9nes somos"}]},{"@type":"WebSite","@id":"https:\/\/oya.cat\/#website","url":"https:\/\/oya.cat\/","name":"OYA ARQUITECTURA","description":"Oya Equip d&#039;Arquitectura","potentialAction":[{"@type":"SearchAction","target":{"@type":"EntryPoint","urlTemplate":"https:\/\/oya.cat\/?s={search_term_string}"},"query-input":{"@type":"PropertyValueSpecification","valueRequired":true,"valueName":"search_term_string"}}],"inLanguage":"es"}]}},"meta_box":{"mb_page_sidebar_layout":"","mb_page_sidebar_def":"","mb_page_sidebar_def_width":"","mb_sticky_sidebar":"","mb_sidebar_gap":"","mb_page_colors_switch":"","mb_page_theme_color":"","mb_page_theme_secondary_color":"","mb_body_background_color":"","mb_scroll_up_bg_color":"","mb_scroll_up_arrow_color":"","mb_customize_logo":"","mb_header_logo":[],"mb_logo_height_custom":"","mb_logo_height":"","mb_logo_sticky":[],"mb_sticky_logo_height_custom":"","mb_sticky_logo_height":"","mb_logo_mobile":[],"mb_mobile_logo_height_custom":"","mb_mobile_logo_height":"","mb_logo_mobile_menu":[],"mb_mobile_logo_menu_height_custom":"","mb_mobile_logo_menu_height":"","mb_header_building_tool":"","mb_customize_header_e":"","mb_customize_header":"","mb_customize_header_layout":"","mb_menu_header":"","mb_header_sticky":"","mb_sticky_header_content_type":"","mb_customize_sticky_header":"","mb_mobile_menu_custom":"","mb_mobile_menu_header":"","mb_page_title_switch":"","mb_page_title_bg_switch":"","mb_page_title_bg":"","mb_page_title_height":"","mb_page_title_align":"","mb_page_title_padding":"","mb_page_title_margin":"","mb_page_title_border_switch":"","mb_page_title_border_color":"","mb_page_title_border_bottom_switch":"","mb_page_title_border_bottom_color":"","mb_page_title_parallax":"","mb_page_title_parallax_speed":"","mb_page_change_tile_switch":"","mb_page_change_tile":"","mb_page_title_breadcrumbs_switch":"","mb_page_title_breadcrumbs_align":"","mb_page_title_font":"","mb_page_title_breadcrumbs_font":"","mb_page_title_resp_switch":"","mb_page_title_resp_resolution":"","mb_page_title_resp_height":"","mb_page_title_resp_padding":"","mb_page_title_resp_font":"","mb_page_title_resp_breadcrumbs_switch":"","mb_page_title_resp_breadcrumbs_font":"","mb_customize_side_panel":"","mb_side_panel_content_type":"","mb_side_panel_page_select":"","mb_side_panel_spacing":"","mb_side_panel_title_color":"","mb_side_panel_text_color":"","mb_side_panel_bg":"","mb_side_panel_text_alignment":"","mb_side_panel_width":"","mb_side_panel_position":"","mb_customize_soc_shares":"","mb_soc_icon_style":"","mb_soc_icon_position":"","mb_soc_icon_offset":"","mb_soc_icon_facebook":"","mb_soc_icon_twitter":"","mb_soc_icon_linkedin":"","mb_soc_icon_pinterest":"","mb_soc_icon_tumblr":"","mb_footer_switch":"","mb_footer_add_wave":"","mb_footer_wave_height":"","mb_footer_content_type":"","mb_footer_page_select":"","mb_footer_spacing":"","mb_footer_bg":"","mb_copyright_switch":"","mb_copyright_editor":"","mb_copyright_text_color":"","mb_copyright_bg_color":"","mb_copyright_spacing":""},"_links":{"self":[{"href":"https:\/\/oya.cat\/es\/wp-json\/wp\/v2\/pages\/4794","targetHints":{"allow":["GET"]}}],"collection":[{"href":"https:\/\/oya.cat\/es\/wp-json\/wp\/v2\/pages"}],"about":[{"href":"https:\/\/oya.cat\/es\/wp-json\/wp\/v2\/types\/page"}],"author":[{"embeddable":true,"href":"https:\/\/oya.cat\/es\/wp-json\/wp\/v2\/users\/1"}],"replies":[{"embeddable":true,"href":"https:\/\/oya.cat\/es\/wp-json\/wp\/v2\/comments?post=4794"}],"version-history":[{"count":1,"href":"https:\/\/oya.cat\/es\/wp-json\/wp\/v2\/pages\/4794\/revisions"}],"predecessor-version":[{"id":4795,"href":"https:\/\/oya.cat\/es\/wp-json\/wp\/v2\/pages\/4794\/revisions\/4795"}],"wp:attachment":[{"href":"https:\/\/oya.cat\/es\/wp-json\/wp\/v2\/media?parent=4794"}],"curies":[{"name":"wp","href":"https:\/\/api.w.org\/{rel}","templated":true}]}}